{"id":869,"date":"2018-03-12T13:03:05","date_gmt":"2018-03-12T12:03:05","guid":{"rendered":"https:\/\/depidor.com\/?page_id=869"},"modified":"2022-07-28T15:28:02","modified_gmt":"2022-07-28T14:28:02","slug":"depilacion-en-reus","status":"publish","type":"page","link":"https:\/\/depidor.com\/es\/depilacion-en-reus\/","title":{"rendered":"Depilaci\u00f3n"},"content":{"rendered":"<section class=\"wpb-content-wrapper\"><p>[vc_row css_animation=\u00bb\u00bb row_type=\u00bbrow\u00bb use_row_as_full_screen_section=\u00bbno\u00bb type=\u00bbfull_width\u00bb angled_section=\u00bbno\u00bb text_align=\u00bbleft\u00bb background_image_as_pattern=\u00bbwithout_pattern\u00bb css=\u00bb.vc_custom_1520940306063{padding-top: 60px !important;padding-bottom: 90px !important;}\u00bb z_index=\u00bb\u00bb][vc_column][qode_elements_holder number_of_columns=\u00bbtwo_columns\u00bb][qode_elements_holder_item vertical_alignment=\u00bbmiddle\u00bb horizontal_alignment=\u00bbcenter\u00bb advanced_animations=\u00bbno\u00bb][vc_empty_space height=\u00bb100px\u00bb][vc_column_text css=\u00bb.vc_custom_1521112655406{padding-right: 12% !important;padding-left: 15% !important;}\u00bb]<\/p>\n<h2 style=\"text-align: left; font-size: 20px; letter-spacing: 0px;\">Su centro de depilaci\u00f3n en Reus<\/h2>\n<h3 style=\"text-align: left;\">Depilaci\u00f3n con cera<\/h3>\n<p>[\/vc_column_text][vc_empty_space height=\u00bb50px\u00bb][vc_column_text el_class=\u00bbjustify\u00bb css=\u00bb.vc_custom_1520932768254{padding-right: 12% !important;padding-left: 15% !important;}\u00bb]En Depi d&#8217;Or somos expertos en todo tipo de depilaciones con cera tanto para mujer como para hombre. Llevamos m\u00e1s de 15 a\u00f1os siento un centro de depilaci\u00f3n de referencia en la ciudad de Reus.<\/p>\n<p>[\/vc_column_text][vc_empty_space height=\u00bb15px\u00bb][vc_column_text css=\u00bb.vc_custom_1520932811357{padding-right: 12% !important;padding-left: 15% !important;}\u00bb el_class=\u00bbjustify\u00bb]Nuestro amplio abanico de posibilidades en depilaci\u00f3n y nuestras tarifas reducidas hacen de nuestro centro un sitio ideal tanto para mujer como para hombre.[\/vc_column_text][vc_empty_space height=\u00bb15px\u00bb][vc_column_text css=\u00bb.vc_custom_1520932865108{padding-right: 12% !important;padding-left: 15% !important;}\u00bb el_class=\u00bbjustify\u00bb]Escoja entre nuestras tarifas, las partes del cuerpo que desea depilar y coja n\u00famero, nuestro equipo de profesionales le atender\u00e1 r\u00e1pidamente.[\/vc_column_text][vc_empty_space height=\u00bb40px\u00bb][vc_column_text css=\u00bb.vc_custom_1521112664390{padding-right: 12% !important;padding-left: 15% !important;}\u00bb el_class=\u00bbjustify\u00bb]<\/p>\n<h4 style=\"color: #1f253f; font-size: 26px;\">\u00a1Sin cita previa y en cualquier momento!<\/h4>\n<p>[\/vc_column_text][vc_empty_space height=\u00bb100px\u00bb][\/qode_elements_holder_item][qode_elements_holder_item vertical_alignment=\u00bbmiddle\u00bb horizontal_alignment=\u00bbleft\u00bb advanced_animations=\u00bbno\u00bb][vc_single_image image=\u00bb418&#8243; img_size=\u00bbfull\u00bb qode_css_animation=\u00bb\u00bb][\/qode_elements_holder_item][\/qode_elements_holder][\/vc_column][\/vc_row][vc_row row_type=\u00bbparallax\u00bb parallax_content_width=\u00bbin_grid\u00bb text_align=\u00bbcenter\u00bb background_image=\u00bb871&#8243; full_screen_section_height=\u00bbno\u00bb section_height=\u00bb400&#8243;][vc_column width=\u00bb1\/4&#8243;][\/vc_column][vc_column width=\u00bb1\/2&#8243;][vc_empty_space height=\u00bb130px\u00bb][vc_column_text]<\/p>\n<h3 style=\"text-align: center; color: #fff; font-family: 'Dancing Script'; font-weight: bold; font-size: 70px; line-height: 1.3em;\">Consulta nuestras tarifas en depilaci\u00f3n<\/h3>\n<p>[\/vc_column_text][vc_empty_space height=\u00bb160px\u00bb][\/vc_column][vc_column width=\u00bb1\/4&#8243;][\/vc_column][\/vc_row][vc_row css_animation=\u00bb\u00bb row_type=\u00bbrow\u00bb use_row_as_full_screen_section=\u00bbno\u00bb type=\u00bbgrid\u00bb anchor=\u00bbtarifas\u00bb angled_section=\u00bbno\u00bb text_align=\u00bbleft\u00bb background_image_as_pattern=\u00bbwithout_pattern\u00bb z_index=\u00bb\u00bb css=\u00bb.vc_custom_1659018479511{padding-top: 90px !important;padding-bottom: 90px !important;}\u00bb el_id=\u00bbtarifas\u00bb][vc_column][vc_column_text]<\/p>\n<h3 style=\"text-align: center;\">TARIFAS DE DEPILACI\u00d3N<\/h3>\n<p>[\/vc_column_text][vc_separator type=\u00bbnormal\u00bb color=\u00bb#292838&#8243; thickness=\u00bb1&#8243; up=\u00bb10&#8243; down=\u00bb10&#8243;][vc_row_inner row_type=\u00bbrow\u00bb type=\u00bbfull_width\u00bb text_align=\u00bbleft\u00bb css_animation=\u00bb\u00bb][vc_column_inner width=\u00bb1\/3&#8243;][vc_single_image image=\u00bb1522&#8243; img_size=\u00bbfull\u00bb qode_css_animation=\u00bb\u00bb][\/vc_column_inner][vc_column_inner width=\u00bb1\/3&#8243;][vc_single_image image=\u00bb1520&#8243; img_size=\u00bbfull\u00bb qode_css_animation=\u00bb\u00bb][\/vc_column_inner][vc_column_inner width=\u00bb1\/3&#8243;][vc_single_image image=\u00bb1518&#8243; img_size=\u00bbfull\u00bb qode_css_animation=\u00bb\u00bb][\/vc_column_inner][\/vc_row_inner][vc_empty_space height=\u00bb30px\u00bb]<a  itemprop=\"url\" href=\"https:\/\/depidor.com\/wp-content\/uploads\/2022\/07\/Precios-2022-Depidor.pdf\" target=\"_blank\" data-hover-background-color=#f3c529 data-hover-border-color=#f3c529  class=\"qbutton  large center default\" style=\"color: #ffffff; border-color: #32373c; border-radius: 25px;-moz-border-radius: 25px;-webkit-border-radius: 25px; background-color: #32373c;\">Ver tarifas<\/a>[\/vc_column][\/vc_row][vc_row css_animation=\u00bb\u00bb row_type=\u00bbrow\u00bb use_row_as_full_screen_section=\u00bbno\u00bb type=\u00bbfull_width\u00bb angled_section=\u00bbno\u00bb text_align=\u00bbleft\u00bb background_image_as_pattern=\u00bbwithout_pattern\u00bb css=\u00bb.vc_custom_1659017659322{padding-bottom: 90px !important;}\u00bb z_index=\u00bb\u00bb][vc_column][vc_column_text]\n<div id=\"sb_instagram\"  class=\"sbi sbi_mob_col_1 sbi_tab_col_2 sbi_col_5 sbi_width_resp sbi_disable_mobile\" style=\"padding-bottom: 10px;width: 100%;\" data-feedid=\"*1\"  data-res=\"auto\" data-cols=\"5\" data-colsmobile=\"1\" data-colstablet=\"2\" data-num=\"5\" data-nummobile=\"\" data-item-padding=\"5\" data-shortcode-atts=\"{&quot;feed&quot;:&quot;1&quot;,&quot;cachetime&quot;:30}\"  data-postid=\"869\" data-locatornonce=\"916950b81c\" data-sbi-flags=\"favorLocal,gdpr\">\n\t\n    <div id=\"sbi_images\"  style=\"gap: 10px;\">\n\t\t    <\/div>\n\n\t<div id=\"sbi_load\" >\n\n\t\n\t\n<\/div>\n\n\t    <span class=\"sbi_resized_image_data\" data-feed-id=\"*1\" data-resized=\"[]\">\n\t<\/span>\n\t<\/div>\n\n[\/vc_column_text][\/vc_column][\/vc_row]<\/p>\n<\/section>","protected":false},"excerpt":{"rendered":"<p>[vc_row css_animation=\u00bb\u00bb row_type=\u00bbrow\u00bb use_row_as_full_screen_section=\u00bbno\u00bb type=\u00bbfull_width\u00bb angled_section=\u00bbno\u00bb text_align=\u00bbleft\u00bb background_image_as_pattern=\u00bbwithout_pattern\u00bb css=\u00bb.vc_custom_1520940306063{padding-top: 60px !important;padding-bottom: 90px !important;}\u00bb z_index=\u00bb\u00bb][vc_column][qode_elements_holder number_of_columns=\u00bbtwo_columns\u00bb][qode_elements_holder_item vertical_alignment=\u00bbmiddle\u00bb horizontal_alignment=\u00bbcenter\u00bb advanced_animations=\u00bbno\u00bb][vc_empty_space height=\u00bb100px\u00bb][vc_column_text css=\u00bb.vc_custom_1521112655406{padding-right: 12% !important;padding-left: 15% !important;}\u00bb] Su centro de depilaci\u00f3n en Reus Depilaci\u00f3n con cera [\/vc_column_text][vc_empty_space height=\u00bb50px\u00bb][vc_column_text el_class=\u00bbjustify\u00bb css=\u00bb.vc_custom_1520932768254{padding-right: 12% !important;padding-left: 15% !important;}\u00bb]En Depi d&#8217;Or somos expertos&#8230;<\/p>\n","protected":false},"author":1,"featured_media":0,"parent":0,"menu_order":0,"comment_status":"closed","ping_status":"closed","template":"full_width.php","meta":{"_monsterinsights_skip_tracking":false,"_monsterinsights_sitenote_active":false,"_monsterinsights_sitenote_note":"","_monsterinsights_sitenote_category":0,"footnotes":""},"class_list":["post-869","page","type-page","status-publish","hentry"],"yoast_head":"<!-- This site is optimized with the Yoast SEO plugin v25.0 - https:\/\/yoast.com\/wordpress\/plugins\/seo\/ -->\n<title>Depilaci\u00f3n en Reus | Depilaci\u00f3n l\u00e1ser de diodo | Depi d&#039;Or<\/title>\n<meta name=\"description\" content=\"Depi d&#039;Or es un centro de depilaci\u00f3n en Reus, especializados en depilaci\u00f3n tradicinal con cera tibia y tratamientos de depilaci\u00f3n con l\u00e1ser de d\u00edodo.\" \/>\n<meta name=\"robots\" content=\"index, follow, max-snippet:-1, max-image-preview:large, max-video-preview:-1\" \/>\n<link rel=\"canonical\" href=\"https:\/\/depidor.com\/es\/depilacion-en-reus\/\" \/>\n<meta property=\"og:locale\" content=\"es_ES\" \/>\n<meta property=\"og:type\" content=\"article\" \/>\n<meta property=\"og:title\" content=\"Depilaci\u00f3n en Reus | Depilaci\u00f3n l\u00e1ser de diodo | Depi d&#039;Or\" \/>\n<meta property=\"og:description\" content=\"Depi d&#039;Or es un centro de depilaci\u00f3n en Reus, especializados en depilaci\u00f3n tradicinal con cera tibia y tratamientos de depilaci\u00f3n con l\u00e1ser de d\u00edodo.\" \/>\n<meta property=\"og:url\" content=\"https:\/\/depidor.com\/es\/depilacion-en-reus\/\" \/>\n<meta property=\"og:site_name\" content=\"Depidor centro de est\u00e9tica en Reus\" \/>\n<meta property=\"article:publisher\" content=\"https:\/\/www.facebook.com\/Depidor\/\" \/>\n<meta property=\"article:modified_time\" content=\"2022-07-28T14:28:02+00:00\" \/>\n<meta name=\"twitter:card\" content=\"summary_large_image\" \/>\n<meta name=\"twitter:label1\" content=\"Tiempo de lectura\" \/>\n\t<meta name=\"twitter:data1\" content=\"2 minutos\" \/>\n<script type=\"application\/ld+json\" class=\"yoast-schema-graph\">{\"@context\":\"https:\/\/schema.org\",\"@graph\":[{\"@type\":\"WebPage\",\"@id\":\"https:\/\/depidor.com\/es\/depilacion-en-reus\/\",\"url\":\"https:\/\/depidor.com\/es\/depilacion-en-reus\/\",\"name\":\"Depilaci\u00f3n en Reus | Depilaci\u00f3n l\u00e1ser de diodo | Depi d'Or\",\"isPartOf\":{\"@id\":\"https:\/\/depidor.com\/#website\"},\"datePublished\":\"2018-03-12T12:03:05+00:00\",\"dateModified\":\"2022-07-28T14:28:02+00:00\",\"description\":\"Depi d'Or es un centro de depilaci\u00f3n en Reus, especializados en depilaci\u00f3n tradicinal con cera tibia y tratamientos de depilaci\u00f3n con l\u00e1ser de d\u00edodo.\",\"breadcrumb\":{\"@id\":\"https:\/\/depidor.com\/es\/depilacion-en-reus\/#breadcrumb\"},\"inLanguage\":\"es\",\"potentialAction\":[{\"@type\":\"ReadAction\",\"target\":[\"https:\/\/depidor.com\/es\/depilacion-en-reus\/\"]}]},{\"@type\":\"BreadcrumbList\",\"@id\":\"https:\/\/depidor.com\/es\/depilacion-en-reus\/#breadcrumb\",\"itemListElement\":[{\"@type\":\"ListItem\",\"position\":1,\"name\":\"Home\",\"item\":\"https:\/\/depidor.com\/es\/\"},{\"@type\":\"ListItem\",\"position\":2,\"name\":\"Depilaci\u00f3n\"}]},{\"@type\":\"WebSite\",\"@id\":\"https:\/\/depidor.com\/#website\",\"url\":\"https:\/\/depidor.com\/\",\"name\":\"Depidor\",\"description\":\"Centro de depilaci\u00f3n y est\u00e9tica en Reus\",\"publisher\":{\"@id\":\"https:\/\/depidor.com\/#organization\"},\"potentialAction\":[{\"@type\":\"SearchAction\",\"target\":{\"@type\":\"EntryPoint\",\"urlTemplate\":\"https:\/\/depidor.com\/?s={search_term_string}\"},\"query-input\":{\"@type\":\"PropertyValueSpecification\",\"valueRequired\":true,\"valueName\":\"search_term_string\"}}],\"inLanguage\":\"es\"},{\"@type\":\"Organization\",\"@id\":\"https:\/\/depidor.com\/#organization\",\"name\":\"Depi d'Or\",\"url\":\"https:\/\/depidor.com\/\",\"logo\":{\"@type\":\"ImageObject\",\"inLanguage\":\"es\",\"@id\":\"https:\/\/depidor.com\/#\/schema\/logo\/image\/\",\"url\":\"https:\/\/depidor.com\/wp-content\/uploads\/2018\/02\/logo-1.png\",\"contentUrl\":\"https:\/\/depidor.com\/wp-content\/uploads\/2018\/02\/logo-1.png\",\"width\":300,\"height\":120,\"caption\":\"Depi d'Or\"},\"image\":{\"@id\":\"https:\/\/depidor.com\/#\/schema\/logo\/image\/\"},\"sameAs\":[\"https:\/\/www.facebook.com\/Depidor\/\",\"https:\/\/www.instagram.com\/depidor.reus\/\"]}]}<\/script>\n<!-- \/ Yoast SEO plugin. -->","yoast_head_json":{"title":"Depilaci\u00f3n en Reus | Depilaci\u00f3n l\u00e1ser de diodo | Depi d'Or","description":"Depi d'Or es un centro de depilaci\u00f3n en Reus, especializados en depilaci\u00f3n tradicinal con cera tibia y tratamientos de depilaci\u00f3n con l\u00e1ser de d\u00edodo.","robots":{"index":"index","follow":"follow","max-snippet":"max-snippet:-1","max-image-preview":"max-image-preview:large","max-video-preview":"max-video-preview:-1"},"canonical":"https:\/\/depidor.com\/es\/depilacion-en-reus\/","og_locale":"es_ES","og_type":"article","og_title":"Depilaci\u00f3n en Reus | Depilaci\u00f3n l\u00e1ser de diodo | Depi d'Or","og_description":"Depi d'Or es un centro de depilaci\u00f3n en Reus, especializados en depilaci\u00f3n tradicinal con cera tibia y tratamientos de depilaci\u00f3n con l\u00e1ser de d\u00edodo.","og_url":"https:\/\/depidor.com\/es\/depilacion-en-reus\/","og_site_name":"Depidor centro de est\u00e9tica en Reus","article_publisher":"https:\/\/www.facebook.com\/Depidor\/","article_modified_time":"2022-07-28T14:28:02+00:00","twitter_card":"summary_large_image","twitter_misc":{"Tiempo de lectura":"2 minutos"},"schema":{"@context":"https:\/\/schema.org","@graph":[{"@type":"WebPage","@id":"https:\/\/depidor.com\/es\/depilacion-en-reus\/","url":"https:\/\/depidor.com\/es\/depilacion-en-reus\/","name":"Depilaci\u00f3n en Reus | Depilaci\u00f3n l\u00e1ser de diodo | Depi d'Or","isPartOf":{"@id":"https:\/\/depidor.com\/#website"},"datePublished":"2018-03-12T12:03:05+00:00","dateModified":"2022-07-28T14:28:02+00:00","description":"Depi d'Or es un centro de depilaci\u00f3n en Reus, especializados en depilaci\u00f3n tradicinal con cera tibia y tratamientos de depilaci\u00f3n con l\u00e1ser de d\u00edodo.","breadcrumb":{"@id":"https:\/\/depidor.com\/es\/depilacion-en-reus\/#breadcrumb"},"inLanguage":"es","potentialAction":[{"@type":"ReadAction","target":["https:\/\/depidor.com\/es\/depilacion-en-reus\/"]}]},{"@type":"BreadcrumbList","@id":"https:\/\/depidor.com\/es\/depilacion-en-reus\/#breadcrumb","itemListElement":[{"@type":"ListItem","position":1,"name":"Home","item":"https:\/\/depidor.com\/es\/"},{"@type":"ListItem","position":2,"name":"Depilaci\u00f3n"}]},{"@type":"WebSite","@id":"https:\/\/depidor.com\/#website","url":"https:\/\/depidor.com\/","name":"Depidor","description":"Centro de depilaci\u00f3n y est\u00e9tica en Reus","publisher":{"@id":"https:\/\/depidor.com\/#organization"},"potentialAction":[{"@type":"SearchAction","target":{"@type":"EntryPoint","urlTemplate":"https:\/\/depidor.com\/?s={search_term_string}"},"query-input":{"@type":"PropertyValueSpecification","valueRequired":true,"valueName":"search_term_string"}}],"inLanguage":"es"},{"@type":"Organization","@id":"https:\/\/depidor.com\/#organization","name":"Depi d'Or","url":"https:\/\/depidor.com\/","logo":{"@type":"ImageObject","inLanguage":"es","@id":"https:\/\/depidor.com\/#\/schema\/logo\/image\/","url":"https:\/\/depidor.com\/wp-content\/uploads\/2018\/02\/logo-1.png","contentUrl":"https:\/\/depidor.com\/wp-content\/uploads\/2018\/02\/logo-1.png","width":300,"height":120,"caption":"Depi d'Or"},"image":{"@id":"https:\/\/depidor.com\/#\/schema\/logo\/image\/"},"sameAs":["https:\/\/www.facebook.com\/Depidor\/","https:\/\/www.instagram.com\/depidor.reus\/"]}]}},"_links":{"self":[{"href":"https:\/\/depidor.com\/es\/wp-json\/wp\/v2\/pages\/869","targetHints":{"allow":["GET"]}}],"collection":[{"href":"https:\/\/depidor.com\/es\/wp-json\/wp\/v2\/pages"}],"about":[{"href":"https:\/\/depidor.com\/es\/wp-json\/wp\/v2\/types\/page"}],"author":[{"embeddable":true,"href":"https:\/\/depidor.com\/es\/wp-json\/wp\/v2\/users\/1"}],"replies":[{"embeddable":true,"href":"https:\/\/depidor.com\/es\/wp-json\/wp\/v2\/comments?post=869"}],"version-history":[{"count":16,"href":"https:\/\/depidor.com\/es\/wp-json\/wp\/v2\/pages\/869\/revisions"}],"predecessor-version":[{"id":1540,"href":"https:\/\/depidor.com\/es\/wp-json\/wp\/v2\/pages\/869\/revisions\/1540"}],"wp:attachment":[{"href":"https:\/\/depidor.com\/es\/wp-json\/wp\/v2\/media?parent=869"}],"curies":[{"name":"wp","href":"https:\/\/api.w.org\/{rel}","templated":true}]}}